{"id":253,"date":"2017-10-13T08:55:40","date_gmt":"2017-10-13T07:55:40","guid":{"rendered":"http:\/\/www.gite-pyrenees-st-jacques.com\/fr\/?page_id=253"},"modified":"2018-01-15T10:53:09","modified_gmt":"2018-01-15T09:53:09","slug":"gite-pyrenees-saint-lary-soulan-vielle-aure-gite-bastan","status":"publish","type":"page","link":"https:\/\/www.gite-pyrenees-st-jacques.com\/fr\/gite-pyrenees-saint-lary-soulan-vielle-aure-gite-bastan\/","title":{"rendered":"G\u00eete Pyrenees Saint-Lary-Soulan \/ Vielle-Aure : G\u00eete Bastan"},"content":{"rendered":"<p><strong>\u00a0\u00bb G\u00eete Pyrenees Saint-lary-Soulan \/ Vielle-Aure \u00a0\u00bb vous propose le Gite : le <\/strong><strong>Basta<\/strong>n. Class\u00e9 3 \u00e9pis aux\u00a0<a href=\"http:\/\/www.gites-de-france-65.com\/location-vacances-Gite-a-Vielle-aure-Hautes-Pyrenees-65G044211.html\">G\u00eetes de France<\/a>\u00a0. Le Bastan est un g\u00eete rural coquet am\u00e9nag\u00e9 en prolongement du corps de ferme des propri\u00e9taires et totalement ind\u00e9pendant. Il se distingue par :<\/p>\n<ul>\n<li>la qualit\u00e9 et le style du b\u00e2ti en zone class\u00e9e par les Monuments historiques en respect du style traditionnel bigourdan<\/li>\n<li>la qualit\u00e9 de ses meubles et \u00e9quipements dont un insert \u00e0 bois<\/li>\n<li>la cour ferm\u00e9e avec salon de jardin, barbecue et parking couvert pour une voiture<\/li>\n<li>un abri couvert avec salon d\u2019\u00e9t\u00e9 au 1<sup>er<\/sup> \u00e9tage<\/li>\n<li>la proximit\u00e9 et l\u2019acc\u00e8s imm\u00e9diat aux animations touristiques de Vielle-Aure et de Saint-Lary-Soulan<\/li>\n<li>sa situation sur le chemin de Grande randonn\u00e9e GR10 qui passe devant le portail et le chemin de St. Jacques \u00e0 200 m<\/li>\n<li>sa localisation au c\u0153ur de la vall\u00e9e d\u2019Aure, du Parc National, de la R\u00e9serve naturelle du N\u00e9ouvielle, de l\u2019Espagne, des stations de ski, des thermes et des cols renomm\u00e9s du Tour de France.<\/li>\n<\/ul>\n<p><strong>Claude et Marie-Madeleine<\/strong>\u00a0 vous accueillent dans leur g\u00eete confortable situ\u00e9 au rez-de-chauss\u00e9e, sur 2 niveaux, dans un cadre agr\u00e9able et fleuri.<\/p>\n<p><strong>Le g\u00eete dispose d\u2019une entr\u00e9e ind\u00e9pendante<\/strong>, d\u2019un parking couvert pour une voiture et d\u2019un salon de jardin et barbecue (sur demande) dans la cour ferm\u00e9e \u00e0 la rue. Le g\u00eete Bastan est \u00e9quip\u00e9, outre de l\u2019insert \u00e0 bois, d\u2019un chauffage \u00e9lectrique. Sur demande, une chaise b\u00e9b\u00e9 et un lit parapluie sont mis gracieusement \u00e0 votre disposition.<\/p>\n\n<table id=\"tablepress-3\" class=\"tablepress tablepress-id-3\">\n<tbody class=\"row-hover\">\n<tr class=\"row-1 odd\">\n\t<td class=\"column-1\"><img class=\"alignnone wp-image-118 size-full\" title=\"Gite le Bastan\" src=\"http:\/\/www.gite-pyrenees-st-jacques.com\/fr\/wp-content\/uploads\/2015\/06\/descript-bastan.jpg\" alt=\"Gite le Bastan\" width=\"200\" height=\"350\" \/><\/td><td class=\"column-2\"><strong><font size=\"2\" color=\"#004000\">Equipement du g\u00eete :<\/font><\/strong><br><strong><font size=\"2\" >Au rez de chauss\u00e9e :<\/strong> Un coin Cuisine totalement \u00e9quip\u00e9 de 10 m\u00b2 avec frigo cong\u00e9lateur, lave-vaisselle, lave-linge, four, micro-ondes.<br>Un coin cuisine avec plaque gaz, lave-vaisselle, four micro-ondes, four, r\u00e9frig\u00e9rateur, cafeti\u00e8re.<br>Un Salon confortable de 20 m\u00b2 avec fauteuils, canap\u00e9, chemin\u00e9e \/ insert (bois en sus), t\u00e9l\u00e9vision.<br>Un cellier avec rangements et WC ind\u00e9pendants.<br><strong>Au premier \u00e9tage :<\/strong> 2 chambres ind\u00e9pendantes : 1 lit en 160 et 2 lits 1 place jumelables, donnant sur un balcon traditionnel.<br>Une salle d'eau avec douche en 90 et WC<br>Chauffage \u00e9lectrique. Charges en sus.<\/font><\/td>\n<\/tr>\n<\/tbody>\n<\/table>\n<!-- #tablepress-3 from cache --><style id=\"bwg-style-0\">    #bwg_container1_0 #bwg_container2_0 .bwg-container-0.bwg-standard-thumbnails {      width: 904px;              justify-content: center;        margin:0 auto !important;              background-color: rgba(255, 255, 255, 0.00);            padding-left: 4px;      padding-top: 4px;      max-width: 100%;            }        #bwg_container1_0 #bwg_container2_0 .bwg-container-0.bwg-standard-thumbnails .bwg-item {    justify-content: flex-start;      max-width: 180px;            width: 180px !important;          }    #bwg_container1_0 #bwg_container2_0 .bwg-container-0.bwg-standard-thumbnails .bwg-item a {       margin-right: 4px;       margin-bottom: 4px;    }    #bwg_container1_0 #bwg_container2_0 .bwg-container-0.bwg-standard-thumbnails .bwg-item0 {      padding: 0px;            background-color:rgba(255,255,255, 0.30);      border: 0px none #CCCCCC;      opacity: 1.00;      border-radius: 0;      box-shadow: 0px 0px 0px #888888;    }    #bwg_container1_0 #bwg_container2_0 .bwg-container-0.bwg-standard-thumbnails .bwg-item1 img {      max-height: none;      max-width: none;      padding: 0 !important;    }        @media only screen and (min-width: 480px) {      #bwg_container1_0 #bwg_container2_0 .bwg-container-0.bwg-standard-thumbnails .bwg-item0 {        transition: all 0.3s ease 0s;-webkit-transition: all 0.3s ease 0s;      }      #bwg_container1_0 #bwg_container2_0 .bwg-container-0.bwg-standard-thumbnails .bwg-item0:hover {        -ms-transform: scale(1.1);        -webkit-transform: scale(1.1);        transform: scale(1.1);      }    }          #bwg_container1_0 #bwg_container2_0 .bwg-container-0.bwg-standard-thumbnails .bwg-item1 {      padding-top: 50%;    }        #bwg_container1_0 #bwg_container2_0 .bwg-container-0.bwg-standard-thumbnails .bwg-title2,    #bwg_container1_0 #bwg_container2_0 .bwg-container-0.bwg-standard-thumbnails .bwg-ecommerce2 {      color: #CCCCCC;      font-family: segoe ui;      font-size: 16px;      font-weight: bold;      padding: 2px;      text-shadow: 0px 0px 0px #888888;      max-height: 100%;    }    #bwg_container1_0 #bwg_container2_0 .bwg-container-0.bwg-standard-thumbnails .bwg-thumb-description span {    color: #323A45;    font-family: Ubuntu;    font-size: 12px;    max-height: 100%;    word-wrap: break-word;    }    #bwg_container1_0 #bwg_container2_0 .bwg-container-0.bwg-standard-thumbnails .bwg-play-icon2 {      font-size: 32px;    }    #bwg_container1_0 #bwg_container2_0 .bwg-container-0.bwg-standard-thumbnails .bwg-ecommerce2 {      font-size: 19.2px;      color: #CCCCCC;    }    <\/style>    <div id=\"bwg_container1_0\"         class=\"bwg_container bwg_thumbnail bwg_thumbnails \"         data-right-click-protection=\"1\"         data-bwg=\"0\"         data-scroll=\"0\"         data-gallery-type=\"thumbnails\"         data-gallery-view-type=\"thumbnails\"         data-current-url=\"https:\/\/www.gite-pyrenees-st-jacques.com\/fr\/wp-json\/wp\/v2\/pages\/253\"         data-lightbox-url=\"https:\/\/www.gite-pyrenees-st-jacques.com\/fr\/wp-admin\/admin-ajax.php?action=GalleryBox&#038;current_view=0&#038;gallery_id=3&#038;tag=0&#038;theme_id=1&#038;shortcode_id=10&#038;sort_by=order&#038;order_by=asc&#038;current_url=https%3A%2F%2Fwww.gite-pyrenees-st-jacques.com%2Ffr%2Fwp-json%2Fwp%2Fv2%2Fpages%2F253\"         data-gallery-id=\"3\"         data-popup-width=\"800\"         data-popup-height=\"600\"         data-is-album=\"gallery\"         data-buttons-position=\"bottom\">      <div id=\"bwg_container2_0\">             <div id=\"ajax_loading_0\" class=\"bwg_loading_div_1\">      <div class=\"bwg_loading_div_2\">        <div class=\"bwg_loading_div_3\">          <div id=\"loading_div_0\" class=\"bwg_spider_ajax_loading\">          <\/div>        <\/div>      <\/div>    <\/div>            <form id=\"gal_front_form_0\"              class=\"bwg-hidden\"              method=\"post\"              action=\"#\"              data-current=\"0\"              data-shortcode-id=\"10\"              data-gallery-type=\"thumbnails\"              data-gallery-id=\"3\"              data-tag=\"0\"              data-album-id=\"0\"              data-theme-id=\"1\"              data-ajax-url=\"https:\/\/www.gite-pyrenees-st-jacques.com\/fr\/wp-admin\/admin-ajax.php?action=bwg_frontend_data\">          <div id=\"bwg_container3_0\" class=\"bwg-background bwg-background-0\">                <div data-max-count=\"5\"         data-thumbnail-width=\"180\"         data-bwg=\"0\"         data-gallery-id=\"3\"         data-lightbox-url=\"https:\/\/www.gite-pyrenees-st-jacques.com\/fr\/wp-admin\/admin-ajax.php?action=GalleryBox&amp;current_view=0&amp;gallery_id=3&amp;tag=0&amp;theme_id=1&amp;shortcode_id=10&amp;sort_by=order&amp;order_by=asc&amp;current_url=https%3A%2F%2Fwww.gite-pyrenees-st-jacques.com%2Ffr%2Fwp-json%2Fwp%2Fv2%2Fpages%2F253\"         id=\"bwg_thumbnails_0\"         class=\"bwg-container-0 bwg-thumbnails bwg-standard-thumbnails bwg-container bwg-border-box\">            <div class=\"bwg-item\">        <a class=\"bwg-a  bwg_lightbox\"  data-image-id=\"20\" href=\"https:\/\/www.gite-pyrenees-st-jacques.com\/fr\/wp-content\/uploads\/photo-gallery\/galerie-bastan.jpg\" data-elementor-open-lightbox=\"no\">                <div class=\"bwg-item0 \">          <div class=\"bwg-item1 \">            <div class=\"bwg-item2\">              <img class=\"skip-lazy bwg_standart_thumb_img_0 \"                   data-id=\"20\"                   data-width=\"\"                   data-height=\"\"                   data-src=\"https:\/\/www.gite-pyrenees-st-jacques.com\/fr\/wp-content\/uploads\/photo-gallery\/thumb\/galerie-bastan.jpg\"                   src=\"https:\/\/www.gite-pyrenees-st-jacques.com\/fr\/wp-content\/uploads\/photo-gallery\/thumb\/galerie-bastan.jpg\"                   alt=\"Grande cour int\u00e9rieure\"                   title=\"Grande cour int\u00e9rieure\" \/>            <\/div>            <div class=\"\">                                                      <\/div>          <\/div>        <\/div>                        <\/a>              <\/div>            <div class=\"bwg-item\">        <a class=\"bwg-a  bwg_lightbox\"  data-image-id=\"22\" href=\"https:\/\/www.gite-pyrenees-st-jacques.com\/fr\/wp-content\/uploads\/photo-gallery\/galerie-bastan1a.jpg\" data-elementor-open-lightbox=\"no\">                <div class=\"bwg-item0 \">          <div class=\"bwg-item1 \">            <div class=\"bwg-item2\">              <img class=\"skip-lazy bwg_standart_thumb_img_0 \"                   data-id=\"22\"                   data-width=\"\"                   data-height=\"\"                   data-src=\"https:\/\/www.gite-pyrenees-st-jacques.com\/fr\/wp-content\/uploads\/photo-gallery\/thumb\/galerie-bastan1a.jpg\"                   src=\"https:\/\/www.gite-pyrenees-st-jacques.com\/fr\/wp-content\/uploads\/photo-gallery\/thumb\/galerie-bastan1a.jpg\"                   alt=\"Entr\u00e9e du gite\"                   title=\"Entr\u00e9e du gite\" \/>            <\/div>            <div class=\"\">                                                      <\/div>          <\/div>        <\/div>                        <\/a>              <\/div>            <div class=\"bwg-item\">        <a class=\"bwg-a  bwg_lightbox\"  data-image-id=\"21\" href=\"https:\/\/www.gite-pyrenees-st-jacques.com\/fr\/wp-content\/uploads\/photo-gallery\/galerie-bastan1.jpg\" data-elementor-open-lightbox=\"no\">                <div class=\"bwg-item0 \">          <div class=\"bwg-item1 \">            <div class=\"bwg-item2\">              <img class=\"skip-lazy bwg_standart_thumb_img_0 \"                   data-id=\"21\"                   data-width=\"\"                   data-height=\"\"                   data-src=\"https:\/\/www.gite-pyrenees-st-jacques.com\/fr\/wp-content\/uploads\/photo-gallery\/thumb\/galerie-bastan1.jpg\"                   src=\"https:\/\/www.gite-pyrenees-st-jacques.com\/fr\/wp-content\/uploads\/photo-gallery\/thumb\/galerie-bastan1.jpg\"                   alt=\"Salon avec insert\"                   title=\"Salon avec insert\" \/>            <\/div>            <div class=\"\">                                                      <\/div>          <\/div>        <\/div>                        <\/a>              <\/div>            <div class=\"bwg-item\">        <a class=\"bwg-a  bwg_lightbox\"  data-image-id=\"28\" href=\"https:\/\/www.gite-pyrenees-st-jacques.com\/fr\/wp-content\/uploads\/photo-gallery\/galerie-bastan7.jpg\" data-elementor-open-lightbox=\"no\">                <div class=\"bwg-item0 \">          <div class=\"bwg-item1 \">            <div class=\"bwg-item2\">              <img class=\"skip-lazy bwg_standart_thumb_img_0 \"                   data-id=\"28\"                   data-width=\"\"                   data-height=\"\"                   data-src=\"https:\/\/www.gite-pyrenees-st-jacques.com\/fr\/wp-content\/uploads\/photo-gallery\/thumb\/galerie-bastan7.jpg\"                   src=\"https:\/\/www.gite-pyrenees-st-jacques.com\/fr\/wp-content\/uploads\/photo-gallery\/thumb\/galerie-bastan7.jpg\"                   alt=\"Grande cuisine\"                   title=\"Grande cuisine\" \/>            <\/div>            <div class=\"\">                                                      <\/div>          <\/div>        <\/div>                        <\/a>              <\/div>            <div class=\"bwg-item\">        <a class=\"bwg-a  bwg_lightbox\"  data-image-id=\"23\" href=\"https:\/\/www.gite-pyrenees-st-jacques.com\/fr\/wp-content\/uploads\/photo-gallery\/galerie-bastan2.jpg\" data-elementor-open-lightbox=\"no\">                <div class=\"bwg-item0 \">          <div class=\"bwg-item1 \">            <div class=\"bwg-item2\">              <img class=\"skip-lazy bwg_standart_thumb_img_0 \"                   data-id=\"23\"                   data-width=\"\"                   data-height=\"\"                   data-src=\"https:\/\/www.gite-pyrenees-st-jacques.com\/fr\/wp-content\/uploads\/photo-gallery\/thumb\/galerie-bastan2.jpg\"                   src=\"https:\/\/www.gite-pyrenees-st-jacques.com\/fr\/wp-content\/uploads\/photo-gallery\/thumb\/galerie-bastan2.jpg\"                   alt=\"Salon avec insert\"                   title=\"Salon avec insert\" \/>            <\/div>            <div class=\"\">                                                      <\/div>          <\/div>        <\/div>                        <\/a>              <\/div>            <div class=\"bwg-item\">        <a class=\"bwg-a  bwg_lightbox\"  data-image-id=\"24\" href=\"https:\/\/www.gite-pyrenees-st-jacques.com\/fr\/wp-content\/uploads\/photo-gallery\/galerie-bastan3.jpg\" data-elementor-open-lightbox=\"no\">                <div class=\"bwg-item0 \">          <div class=\"bwg-item1 \">            <div class=\"bwg-item2\">              <img class=\"skip-lazy bwg_standart_thumb_img_0 \"                   data-id=\"24\"                   data-width=\"\"                   data-height=\"\"                   data-src=\"https:\/\/www.gite-pyrenees-st-jacques.com\/fr\/wp-content\/uploads\/photo-gallery\/thumb\/galerie-bastan3.jpg\"                   src=\"https:\/\/www.gite-pyrenees-st-jacques.com\/fr\/wp-content\/uploads\/photo-gallery\/thumb\/galerie-bastan3.jpg\"                   alt=\"Chambre 2 lits\"                   title=\"Chambre 2 lits\" \/>            <\/div>            <div class=\"\">                                                      <\/div>          <\/div>        <\/div>                        <\/a>              <\/div>            <div class=\"bwg-item\">        <a class=\"bwg-a  bwg_lightbox\"  data-image-id=\"25\" href=\"https:\/\/www.gite-pyrenees-st-jacques.com\/fr\/wp-content\/uploads\/photo-gallery\/galerie-bastan4.jpg\" data-elementor-open-lightbox=\"no\">                <div class=\"bwg-item0 \">          <div class=\"bwg-item1 \">            <div class=\"bwg-item2\">              <img class=\"skip-lazy bwg_standart_thumb_img_0 \"                   data-id=\"25\"                   data-width=\"\"                   data-height=\"\"                   data-src=\"https:\/\/www.gite-pyrenees-st-jacques.com\/fr\/wp-content\/uploads\/photo-gallery\/thumb\/galerie-bastan4.jpg\"                   src=\"https:\/\/www.gite-pyrenees-st-jacques.com\/fr\/wp-content\/uploads\/photo-gallery\/thumb\/galerie-bastan4.jpg\"                   alt=\"Chambre principale\"                   title=\"Chambre principale\" \/>            <\/div>            <div class=\"\">                                                      <\/div>          <\/div>        <\/div>                        <\/a>              <\/div>            <div class=\"bwg-item\">        <a class=\"bwg-a  bwg_lightbox\"  data-image-id=\"27\" href=\"https:\/\/www.gite-pyrenees-st-jacques.com\/fr\/wp-content\/uploads\/photo-gallery\/galerie-bastan6.jpg\" data-elementor-open-lightbox=\"no\">                <div class=\"bwg-item0 \">          <div class=\"bwg-item1 \">            <div class=\"bwg-item2\">              <img class=\"skip-lazy bwg_standart_thumb_img_0 \"                   data-id=\"27\"                   data-width=\"\"                   data-height=\"\"                   data-src=\"https:\/\/www.gite-pyrenees-st-jacques.com\/fr\/wp-content\/uploads\/photo-gallery\/thumb\/galerie-bastan6.jpg\"                   src=\"https:\/\/www.gite-pyrenees-st-jacques.com\/fr\/wp-content\/uploads\/photo-gallery\/thumb\/galerie-bastan6.jpg\"                   alt=\"Balcon\"                   title=\"Balcon\" \/>            <\/div>            <div class=\"\">                                                      <\/div>          <\/div>        <\/div>                        <\/a>              <\/div>            <div class=\"bwg-item\">        <a class=\"bwg-a  bwg_lightbox\"  data-image-id=\"26\" href=\"https:\/\/www.gite-pyrenees-st-jacques.com\/fr\/wp-content\/uploads\/photo-gallery\/galerie-bastan5.jpg\" data-elementor-open-lightbox=\"no\">                <div class=\"bwg-item0 \">          <div class=\"bwg-item1 \">            <div class=\"bwg-item2\">              <img class=\"skip-lazy bwg_standart_thumb_img_0 \"                   data-id=\"26\"                   data-width=\"\"                   data-height=\"\"                   data-src=\"https:\/\/www.gite-pyrenees-st-jacques.com\/fr\/wp-content\/uploads\/photo-gallery\/thumb\/galerie-bastan5.jpg\"                   src=\"https:\/\/www.gite-pyrenees-st-jacques.com\/fr\/wp-content\/uploads\/photo-gallery\/thumb\/galerie-bastan5.jpg\"                   alt=\"Terrasse couverte\"                   title=\"Terrasse couverte\" \/>            <\/div>            <div class=\"\">                                                      <\/div>          <\/div>        <\/div>                        <\/a>              <\/div>          <\/div>    <style>      \/*pagination styles*\/      #bwg_container1_0 #bwg_container2_0 .tablenav-pages_0 {\t\t\t\ttext-align: center;\t\t\t\tfont-size: 12px;\t\t\t\tfont-family: segoe ui;\t\t\t\tfont-weight: bold;\t\t\t\tcolor: #666666;\t\t\t\tmargin: 6px 0 4px;\t\t\t\tdisplay: block;      }      @media only screen and (max-width : 320px) {      #bwg_container1_0 #bwg_container2_0 .displaying-num_0 {     \t display: none;      }      }      #bwg_container1_0 #bwg_container2_0 .displaying-num_0 {\t\t\t\tfont-size: 12px;\t\t\t\tfont-family: segoe ui;\t\t\t\tfont-weight: bold;\t\t\t\tcolor: #666666;\t\t\t\tmargin-right: 10px;\t\t\t\tvertical-align: middle;      }      #bwg_container1_0 #bwg_container2_0 .paging-input_0 {\t\t\t\tfont-size: 12px;\t\t\t\tfont-family: segoe ui;\t\t\t\tfont-weight: bold;\t\t\t\tcolor: #666666;\t\t\t\tvertical-align: middle;      }      #bwg_container1_0 #bwg_container2_0 .tablenav-pages_0 a.disabled,      #bwg_container1_0 #bwg_container2_0 .tablenav-pages_0 a.disabled:hover,      #bwg_container1_0 #bwg_container2_0 .tablenav-pages_0 a.disabled:focus,\t\t\t#bwg_container1_0 #bwg_container2_0 .tablenav-pages_0 input.bwg_current_page {\t\t\t\tcursor: default;\t\t\t\tcolor: rgba(102, 102, 102, 0.5);      }      #bwg_container1_0 #bwg_container2_0 .tablenav-pages_0 a,      #bwg_container1_0 #bwg_container2_0 .tablenav-pages_0 input.bwg_current_page {\t\t\t\tcursor: pointer;\t\t\t\ttext-align: center;\t\t\t\tfont-size: 12px;\t\t\t\tfont-family: segoe ui;\t\t\t\tfont-weight: bold;\t\t\t\tcolor: #666666;\t\t\t\ttext-decoration: none;\t\t\t\tpadding: 3px 6px;\t\t\t\tmargin: 0;\t\t\t\tborder-radius: 0;\t\t\t\tborder-style: solid;\t\t\t\tborder-width: 1px;\t\t\t\tborder-color: #E3E3E3;\t\t\t\t\t\t\t\tbackground-color: rgba(255, 255, 255, 1.00);\t\t\t\tbox-shadow: 0;\t\t\t\ttransition: all 0.3s ease 0s;-webkit-transition: all 0.3s ease 0s;      }      <\/style>      <span class=\"bwg_nav_cont_0\">              <div class=\"tablenav-pages_0\">                  <\/div>                <input type=\"hidden\" id=\"page_number_0\" name=\"page_number_0\" value=\"1\" \/>      <script type=\"text\/javascript\">        if( jQuery('.bwg_nav_cont_0').length > 1 ) {          jQuery('.bwg_nav_cont_0').first().remove()        }        function spider_page_0(cur, x, y, load_more) {          if (typeof load_more == \"undefined\") {            var load_more = false;          }          if (jQuery(cur).hasClass('disabled')) {            return false;          }          var items_county_0 = 1;          switch (y) {            case 1:              if (x >= items_county_0) {                document.getElementById('page_number_0').value = items_county_0;              }              else {                document.getElementById('page_number_0').value = x + 1;              }              break;            case 2:              document.getElementById('page_number_0').value = items_county_0;              break;            case -1:              if (x == 1) {                document.getElementById('page_number_0').value = 1;              }              else {                document.getElementById('page_number_0').value = x - 1;              }              break;            case -2:              document.getElementById('page_number_0').value = 1;              break;\t\t\t\t\t\tcase 0:              document.getElementById('page_number_0').value = x;              break;            default:              document.getElementById('page_number_0').value = 1;          }          bwg_ajax('gal_front_form_0', '0', 'bwg_thumbnails_0', '0', '', 'gallery', 0, '', '', load_more, '', 1);        }                    jQuery('.first-page-0').on('click', function () {              spider_page_0(this, 1, -2, 'numeric');              return false;            });            jQuery('.prev-page-0').on('click', function () {              spider_page_0(this, 1, -1, 'numeric');              return false;            });            jQuery('.next-page-0').on('click', function () {              spider_page_0(this, 1, 1, 'numeric');              return false;            });            jQuery('.last-page-0').on('click', function () {              spider_page_0(this, 1, 2, 'numeric');              return false;            });        \t\t\t\t\/* Change page on input enter. *\/        function bwg_change_page_0( e, that ) {          if (  e.key == 'Enter' ) {            var to_page = parseInt(jQuery(that).val());            var pages_count = jQuery(that).parents(\".pagination-links\").data(\"pages-count\");            var current_url_param = jQuery(that).attr('data-url-info');            if (to_page > pages_count) {              to_page = 1;            }\t \t\t\t\t\t\t\t\t\t\t\t\tspider_page_0(this, to_page, 0, 'numeric');\t\t\t\t\t\t\treturn false;\t\t\t\t\t\t          }          return true;        }        jQuery('.bwg_load_btn_0').on('click', function () {            spider_page_0(this, 1, 1, true);            return false;        });      <\/script>      <\/span>                <\/div>        <\/form>        <style>          #bwg_container1_0 #bwg_container2_0 #spider_popup_overlay_0 {          background-color: #000000;          opacity: 0.70;          }          <\/style>        <div id=\"bwg_spider_popup_loading_0\" class=\"bwg_spider_popup_loading\"><\/div>        <div id=\"spider_popup_overlay_0\" class=\"spider_popup_overlay\" onclick=\"spider_destroypopup(1000)\"><\/div>        <input type=\"hidden\" id=\"bwg_random_seed_0\" value=\"253688031\">                <\/div>    <\/div>    <script>      if (document.readyState === 'complete') {        if( typeof bwg_main_ready == 'function' ) {          if ( jQuery(\"#bwg_container1_0\").height() ) {            bwg_main_ready(jQuery(\"#bwg_container1_0\"));          }        }      } else {        document.addEventListener('DOMContentLoaded', function() {          if( typeof bwg_main_ready == 'function' ) {            if ( jQuery(\"#bwg_container1_0\").height() ) {             bwg_main_ready(jQuery(\"#bwg_container1_0\"));            }          }        });      }    <\/script>    \n<h2 style=\"text-align: justify;\">\u00a0G\u00eete Pyrenees Saint-Lary-Soulan \u00e0 Vielle-Aure :<\/h2>\n<p style=\"text-align: justify; background: white; margin: 0cm 0cm 11.7pt 0cm;\"><span style=\"font-size: 13.0pt; color: #666666;\">Chef-lieu de canton, <strong>Vielle-Aure<\/strong> est un <\/span><span style=\"font-size: 13.0pt; color: #666666;\">village rural de montagne.\u00a0 Sa proximit\u00e9 avec <strong>Saint-Lary-<\/strong><\/span><span style=\"font-size: 13.0pt; color: #666666;\"><strong>Soulan<\/strong>\u00a0vous permet de b\u00e9n\u00e9ficier de toutes les animations, activit\u00e9s et avantages de la cit\u00e9 touristique pyr\u00e9n\u00e9enne tout en vous offrant calme, d\u00e9tente, reconstruction et repos\u2026<\/span><\/p>\n<p style=\"text-align: justify; background: white; margin: 0cm 0cm 11.7pt 0cm;\"><span style=\"font-size: 13.0pt; color: #666666;\">Situ\u00e9e sur le chemin de Saint Jacques de Compostelle, son \u00e9glise class\u00e9e du XII\u00e8me si\u00e8cle a \u00e9t\u00e9 r\u00e9cemment restaur\u00e9e par les Monuments Historiques. Il en est de m\u00eame pour la chapelle du hameau voisin d\u2019Agos. <\/span><\/p>\n<p style=\"text-align: justify; background: white; margin: 0cm 0cm 11.7pt 0cm;\"><span style=\"font-size: 13.0pt; color: #666666;\">Compos\u00e9 encore au milieu du si\u00e8cle dernier essentiellement de fermes centr\u00e9es sur l\u2019\u00e9levage, le d\u00e9veloppement touristique de Saint-Lary-<\/span><span style=\"font-size: 13.0pt; color: red;\"><span style=\"font-size: 13.0pt; color: #666666;\">Soulan\u00a0<\/span><\/span><span style=\"font-size: 13.0pt; color: #666666;\">a transform\u00e9 progressivement Vielle-Aure en un village r\u00e9sidentiel. Son patrimoine historique lui a pr\u00e9serv\u00e9 son cadre et son mode de vie rural.<\/span><\/p>\n<p>&nbsp;<\/p>\n<p style=\"text-align: left;\">\n<table id=\"tablepress-8\" class=\"tablepress tablepress-id-8\">\n<tbody>\n<tr class=\"row-1\">\n\t<td class=\"column-1\"><a style=\"position: relative; margin-left: 35%;\" href=\"https:\/\/www.gite-pyrenees-st-jacques.com\/fr\/situation-des-gites\/\"><button  style=\"  background-color: transparent; ; border: none; color: #008000; padding: 15px 32px;text-align: center;text-decoration: none; display: inline-block: 4px 2px; cursor: pointer; border: 2px solid #008000; height: 50px; width: 150px;\" >Localiser<\/button><\/a><br \/>\n<br \/>\n<\/td>\n<\/tr>\n<\/tbody>\n<\/table>\n<!-- #tablepress-8 from cache -->\n<p><img loading=\"lazy\" class=\"alignnone wp-image-74 size-full\" title=\"Location gite proche saint-lary \u00e0 Vielle-Aure \" src=\"http:\/\/www.gite-pyrenees-st-jacques.com\/fr\/wp-content\/uploads\/2015\/06\/accueil-bas.jpg\" alt=\"Location gite proche saint-lary \u00e0 Vielle-Aure \" width=\"620\" height=\"94\" srcset=\"https:\/\/www.gite-pyrenees-st-jacques.com\/fr\/wp-content\/uploads\/2015\/06\/accueil-bas.jpg 620w, https:\/\/www.gite-pyrenees-st-jacques.com\/fr\/wp-content\/uploads\/2015\/06\/accueil-bas-300x45.jpg 300w\" sizes=\"(max-width: 620px) 100vw, 620px\" \/><\/p>\n","protected":false},"excerpt":{"rendered":"<p>\u00a0\u00bb G\u00eete Pyrenees Saint-lary-Soulan \/ Vielle-Aure \u00a0\u00bb vous propose le Gite : le Bastan. Class\u00e9 3 \u00e9pis aux\u00a0G\u00eetes de France\u00a0. Le Bastan est un g\u00eete rural coquet am\u00e9nag\u00e9 en prolongement du corps de ferme des propri\u00e9taires et totalement ind\u00e9pendant. Il se distingue par : la qualit\u00e9 et le style du b\u00e2ti en zone class\u00e9e par [&hellip;]<\/p>\n","protected":false},"author":1,"featured_media":0,"parent":0,"menu_order":0,"comment_status":"closed","ping_status":"closed","template":"","meta":[],"yoast_head":"<!-- This site is optimized with the Yoast SEO plugin v19.8 - https:\/\/yoast.com\/wordpress\/plugins\/seo\/ -->\n<title>G\u00eete Pyrenees Saint-Lary-Soulan \/ Vielle-Aure : G\u00eete Bastan - G\u00eetes Pyr\u00e9n\u00e9es Saint-Jacques<\/title>\n<meta name=\"description\" content=\"G\u00eete Pyrenees Saint-lary-Soulan \/ Vielle-Aure au coeur du village de Vielle-Aure. Le g\u00eete Bastan est un g\u00eete labellis\u00e9 3 \u00e9pis, ind\u00e9pendant, authentique et coquet situ\u00e9 au rez de chauss\u00e9e et sur 2 niveaux en prolongement de la maison des propri\u00e9taires.\" \/>\n<meta name=\"robots\" content=\"index, follow, max-snippet:-1, max-image-preview:large, max-video-preview:-1\" \/>\n<link rel=\"canonical\" href=\"https:\/\/www.gite-pyrenees-st-jacques.com\/fr\/gite-pyrenees-saint-lary-soulan-vielle-aure-gite-bastan\/\" \/>\n<meta property=\"og:locale\" content=\"fr_FR\" \/>\n<meta property=\"og:type\" content=\"article\" \/>\n<meta property=\"og:title\" content=\"G\u00eete Pyrenees Saint-Lary-Soulan \/ Vielle-Aure : G\u00eete Bastan - G\u00eetes Pyr\u00e9n\u00e9es Saint-Jacques\" \/>\n<meta property=\"og:description\" content=\"G\u00eete Pyrenees Saint-lary-Soulan \/ Vielle-Aure au coeur du village de Vielle-Aure. Le g\u00eete Bastan est un g\u00eete labellis\u00e9 3 \u00e9pis, ind\u00e9pendant, authentique et coquet situ\u00e9 au rez de chauss\u00e9e et sur 2 niveaux en prolongement de la maison des propri\u00e9taires.\" \/>\n<meta property=\"og:url\" content=\"https:\/\/www.gite-pyrenees-st-jacques.com\/fr\/gite-pyrenees-saint-lary-soulan-vielle-aure-gite-bastan\/\" \/>\n<meta property=\"og:site_name\" content=\"G\u00eetes Pyr\u00e9n\u00e9es Saint-Jacques\" \/>\n<meta property=\"article:modified_time\" content=\"2018-01-15T09:53:09+00:00\" \/>\n<meta property=\"og:image\" content=\"http:\/\/www.gite-pyrenees-st-jacques.com\/fr\/wp-content\/uploads\/2015\/06\/accueil-bas.jpg\" \/>\n<meta name=\"twitter:card\" content=\"summary_large_image\" \/>\n<meta name=\"twitter:label1\" content=\"Dur\u00e9e de lecture estim\u00e9e\" \/>\n\t<meta name=\"twitter:data1\" content=\"2 minutes\" \/>\n<script type=\"application\/ld+json\" class=\"yoast-schema-graph\">{\"@context\":\"https:\/\/schema.org\",\"@graph\":[{\"@type\":\"WebPage\",\"@id\":\"https:\/\/www.gite-pyrenees-st-jacques.com\/fr\/gite-pyrenees-saint-lary-soulan-vielle-aure-gite-bastan\/\",\"url\":\"https:\/\/www.gite-pyrenees-st-jacques.com\/fr\/gite-pyrenees-saint-lary-soulan-vielle-aure-gite-bastan\/\",\"name\":\"G\u00eete Pyrenees Saint-Lary-Soulan \/ Vielle-Aure : G\u00eete Bastan - G\u00eetes Pyr\u00e9n\u00e9es Saint-Jacques\",\"isPartOf\":{\"@id\":\"https:\/\/www.gite-pyrenees-st-jacques.com\/fr\/#website\"},\"datePublished\":\"2017-10-13T07:55:40+00:00\",\"dateModified\":\"2018-01-15T09:53:09+00:00\",\"description\":\"G\u00eete Pyrenees Saint-lary-Soulan \/ Vielle-Aure au coeur du village de Vielle-Aure. Le g\u00eete Bastan est un g\u00eete labellis\u00e9 3 \u00e9pis, ind\u00e9pendant, authentique et coquet situ\u00e9 au rez de chauss\u00e9e et sur 2 niveaux en prolongement de la maison des propri\u00e9taires.\",\"breadcrumb\":{\"@id\":\"https:\/\/www.gite-pyrenees-st-jacques.com\/fr\/gite-pyrenees-saint-lary-soulan-vielle-aure-gite-bastan\/#breadcrumb\"},\"inLanguage\":\"fr-FR\",\"potentialAction\":[{\"@type\":\"ReadAction\",\"target\":[\"https:\/\/www.gite-pyrenees-st-jacques.com\/fr\/gite-pyrenees-saint-lary-soulan-vielle-aure-gite-bastan\/\"]}]},{\"@type\":\"BreadcrumbList\",\"@id\":\"https:\/\/www.gite-pyrenees-st-jacques.com\/fr\/gite-pyrenees-saint-lary-soulan-vielle-aure-gite-bastan\/#breadcrumb\",\"itemListElement\":[{\"@type\":\"ListItem\",\"position\":1,\"name\":\"Accueil\",\"item\":\"https:\/\/www.gite-pyrenees-st-jacques.com\/fr\/\"},{\"@type\":\"ListItem\",\"position\":2,\"name\":\"G\u00eete Pyrenees Saint-Lary-Soulan \/ Vielle-Aure : G\u00eete Bastan\"}]},{\"@type\":\"WebSite\",\"@id\":\"https:\/\/www.gite-pyrenees-st-jacques.com\/fr\/#website\",\"url\":\"https:\/\/www.gite-pyrenees-st-jacques.com\/fr\/\",\"name\":\"G\u00eetes Pyr\u00e9n\u00e9es Saint-Jacques\",\"description\":\"\",\"potentialAction\":[{\"@type\":\"SearchAction\",\"target\":{\"@type\":\"EntryPoint\",\"urlTemplate\":\"https:\/\/www.gite-pyrenees-st-jacques.com\/fr\/?s={search_term_string}\"},\"query-input\":\"required name=search_term_string\"}],\"inLanguage\":\"fr-FR\"}]}<\/script>\n<!-- \/ Yoast SEO plugin. -->","yoast_head_json":{"title":"G\u00eete Pyrenees Saint-Lary-Soulan \/ Vielle-Aure : G\u00eete Bastan - G\u00eetes Pyr\u00e9n\u00e9es Saint-Jacques","description":"G\u00eete Pyrenees Saint-lary-Soulan \/ Vielle-Aure au coeur du village de Vielle-Aure. Le g\u00eete Bastan est un g\u00eete labellis\u00e9 3 \u00e9pis, ind\u00e9pendant, authentique et coquet situ\u00e9 au rez de chauss\u00e9e et sur 2 niveaux en prolongement de la maison des propri\u00e9taires.","robots":{"index":"index","follow":"follow","max-snippet":"max-snippet:-1","max-image-preview":"max-image-preview:large","max-video-preview":"max-video-preview:-1"},"canonical":"https:\/\/www.gite-pyrenees-st-jacques.com\/fr\/gite-pyrenees-saint-lary-soulan-vielle-aure-gite-bastan\/","og_locale":"fr_FR","og_type":"article","og_title":"G\u00eete Pyrenees Saint-Lary-Soulan \/ Vielle-Aure : G\u00eete Bastan - G\u00eetes Pyr\u00e9n\u00e9es Saint-Jacques","og_description":"G\u00eete Pyrenees Saint-lary-Soulan \/ Vielle-Aure au coeur du village de Vielle-Aure. Le g\u00eete Bastan est un g\u00eete labellis\u00e9 3 \u00e9pis, ind\u00e9pendant, authentique et coquet situ\u00e9 au rez de chauss\u00e9e et sur 2 niveaux en prolongement de la maison des propri\u00e9taires.","og_url":"https:\/\/www.gite-pyrenees-st-jacques.com\/fr\/gite-pyrenees-saint-lary-soulan-vielle-aure-gite-bastan\/","og_site_name":"G\u00eetes Pyr\u00e9n\u00e9es Saint-Jacques","article_modified_time":"2018-01-15T09:53:09+00:00","og_image":[{"url":"http:\/\/www.gite-pyrenees-st-jacques.com\/fr\/wp-content\/uploads\/2015\/06\/accueil-bas.jpg"}],"twitter_card":"summary_large_image","twitter_misc":{"Dur\u00e9e de lecture estim\u00e9e":"2 minutes"},"schema":{"@context":"https:\/\/schema.org","@graph":[{"@type":"WebPage","@id":"https:\/\/www.gite-pyrenees-st-jacques.com\/fr\/gite-pyrenees-saint-lary-soulan-vielle-aure-gite-bastan\/","url":"https:\/\/www.gite-pyrenees-st-jacques.com\/fr\/gite-pyrenees-saint-lary-soulan-vielle-aure-gite-bastan\/","name":"G\u00eete Pyrenees Saint-Lary-Soulan \/ Vielle-Aure : G\u00eete Bastan - G\u00eetes Pyr\u00e9n\u00e9es Saint-Jacques","isPartOf":{"@id":"https:\/\/www.gite-pyrenees-st-jacques.com\/fr\/#website"},"datePublished":"2017-10-13T07:55:40+00:00","dateModified":"2018-01-15T09:53:09+00:00","description":"G\u00eete Pyrenees Saint-lary-Soulan \/ Vielle-Aure au coeur du village de Vielle-Aure. Le g\u00eete Bastan est un g\u00eete labellis\u00e9 3 \u00e9pis, ind\u00e9pendant, authentique et coquet situ\u00e9 au rez de chauss\u00e9e et sur 2 niveaux en prolongement de la maison des propri\u00e9taires.","breadcrumb":{"@id":"https:\/\/www.gite-pyrenees-st-jacques.com\/fr\/gite-pyrenees-saint-lary-soulan-vielle-aure-gite-bastan\/#breadcrumb"},"inLanguage":"fr-FR","potentialAction":[{"@type":"ReadAction","target":["https:\/\/www.gite-pyrenees-st-jacques.com\/fr\/gite-pyrenees-saint-lary-soulan-vielle-aure-gite-bastan\/"]}]},{"@type":"BreadcrumbList","@id":"https:\/\/www.gite-pyrenees-st-jacques.com\/fr\/gite-pyrenees-saint-lary-soulan-vielle-aure-gite-bastan\/#breadcrumb","itemListElement":[{"@type":"ListItem","position":1,"name":"Accueil","item":"https:\/\/www.gite-pyrenees-st-jacques.com\/fr\/"},{"@type":"ListItem","position":2,"name":"G\u00eete Pyrenees Saint-Lary-Soulan \/ Vielle-Aure : G\u00eete Bastan"}]},{"@type":"WebSite","@id":"https:\/\/www.gite-pyrenees-st-jacques.com\/fr\/#website","url":"https:\/\/www.gite-pyrenees-st-jacques.com\/fr\/","name":"G\u00eetes Pyr\u00e9n\u00e9es Saint-Jacques","description":"","potentialAction":[{"@type":"SearchAction","target":{"@type":"EntryPoint","urlTemplate":"https:\/\/www.gite-pyrenees-st-jacques.com\/fr\/?s={search_term_string}"},"query-input":"required name=search_term_string"}],"inLanguage":"fr-FR"}]}},"_links":{"self":[{"href":"https:\/\/www.gite-pyrenees-st-jacques.com\/fr\/wp-json\/wp\/v2\/pages\/253"}],"collection":[{"href":"https:\/\/www.gite-pyrenees-st-jacques.com\/fr\/wp-json\/wp\/v2\/pages"}],"about":[{"href":"https:\/\/www.gite-pyrenees-st-jacques.com\/fr\/wp-json\/wp\/v2\/types\/page"}],"author":[{"embeddable":true,"href":"https:\/\/www.gite-pyrenees-st-jacques.com\/fr\/wp-json\/wp\/v2\/users\/1"}],"replies":[{"embeddable":true,"href":"https:\/\/www.gite-pyrenees-st-jacques.com\/fr\/wp-json\/wp\/v2\/comments?post=253"}],"version-history":[{"count":19,"href":"https:\/\/www.gite-pyrenees-st-jacques.com\/fr\/wp-json\/wp\/v2\/pages\/253\/revisions"}],"predecessor-version":[{"id":395,"href":"https:\/\/www.gite-pyrenees-st-jacques.com\/fr\/wp-json\/wp\/v2\/pages\/253\/revisions\/395"}],"wp:attachment":[{"href":"https:\/\/www.gite-pyrenees-st-jacques.com\/fr\/wp-json\/wp\/v2\/media?parent=253"}],"curies":[{"name":"wp","href":"https:\/\/api.w.org\/{rel}","templated":true}]}}